{"id":47,"date":"2024-06-03T10:16:58","date_gmt":"2024-06-03T08:16:58","guid":{"rendered":"https:\/\/bourdeilles2sequoias.fr\/?page_id=47"},"modified":"2024-06-06T16:26:11","modified_gmt":"2024-06-06T14:26:11","slug":"prestations-de-services-ehpad","status":"publish","type":"page","link":"https:\/\/bourdeilles2sequoias.fr\/index.php\/ehpad\/prestations-de-services-ehpad\/","title":{"rendered":"Prestations de services EHPAD"},"content":{"rendered":"<p>[et_pb_section fb_built=\u00a0\u00bb1&Prime; admin_label=\u00a0\u00bbHeader\u00a0\u00bb _builder_version=\u00a0\u00bb4.6.5&Prime; use_background_color_gradient=\u00a0\u00bbon\u00a0\u00bb background_color_gradient_start=\u00a0\u00bb#bd3057&Prime; background_color_gradient_end=\u00a0\u00bbrgba(189,48,87,0.18)\u00a0\u00bb background_color_gradient_direction=\u00a0\u00bb221deg\u00a0\u00bb background_color_gradient_end_position=\u00a0\u00bb42%\u00a0\u00bb background_image=\u00a0\u00bbhttps:\/\/bourdeilles2sequoias.fr\/wp-content\/uploads\/2024\/06\/vet-01-1.png\u00a0\u00bb background_size=\u00a0\u00bbinitial\u00a0\u00bb background_position=\u00a0\u00bbbottom_center\u00a0\u00bb background_last_edited=\u00a0\u00bbon|phone\u00a0\u00bb use_background_color_gradient_tablet=\u00a0\u00bbon\u00a0\u00bb use_background_color_gradient_phone=\u00a0\u00bbon\u00a0\u00bb background_color_gradient_end_tablet=\u00a0\u00bbrgba(255,112,0,0)\u00a0\u00bb background_color_gradient_end_phone=\u00a0\u00bbrgba(255,112,0,0)\u00a0\u00bb background_color_gradient_direction_tablet=\u00a0\u00bb180deg\u00a0\u00bb background_color_gradient_start_position_phone=\u00a0\u00bb36%\u00a0\u00bb background_color_gradient_end_position_tablet=\u00a0\u00bb100%\u00a0\u00bb background_color_gradient_end_position_phone=\u00a0\u00bb100%\u00a0\u00bb background_image_tablet=\u00a0\u00bbhttp:\/\/zaib.sandbox.etdevs.com\/divi\/wp-content\/uploads\/sites\/2\/2019\/05\/vet-03.png\u00a0\u00bb background_size_tablet=\u00a0\u00bbcover\u00a0\u00bb background_position_tablet=\u00a0\u00bbbottom_center\u00a0\u00bb border_style_all_tablet=\u00a0\u00bb\u00a0\u00bb border_style_all_phone=\u00a0\u00bb\u00a0\u00bb border_style_all_last_edited=\u00a0\u00bbon|tablet\u00a0\u00bb][et_pb_row _builder_version=\u00a0\u00bb3.25&Prime; z_index=\u00a0\u00bb10&Prime; custom_padding=\u00a0\u00bb||0px|||\u00a0\u00bb][et_pb_column type=\u00a0\u00bb4_4&Prime; _builder_version=\u00a0\u00bb3.25&Prime; custom_padding=\u00a0\u00bb60px||40px|\u00a0\u00bb custom_padding_tablet=\u00a0\u00bb0px|||\u00a0\u00bb custom_padding_phone=\u00a0\u00bb\u00a0\u00bb custom_padding_last_edited=\u00a0\u00bbon|tablet\u00a0\u00bb custom_padding__hover=\u00a0\u00bb|||\u00a0\u00bb][et_pb_text _builder_version=\u00a0\u00bb4.6.5&Prime; text_font=\u00a0\u00bbArial||||||||\u00a0\u00bb text_font_size=\u00a0\u00bb15px\u00a0\u00bb text_line_height=\u00a0\u00bb1.8em\u00a0\u00bb header_font=\u00a0\u00bbMANO NEGRA|500|||||||\u00a0\u00bb header_text_align=\u00a0\u00bbleft\u00a0\u00bb header_text_color=\u00a0\u00bb#bd3057&Prime; header_font_size=\u00a0\u00bb56px\u00a0\u00bb header_line_height=\u00a0\u00bb1.2em\u00a0\u00bb header_2_font=\u00a0\u00bbArial||on||||||\u00a0\u00bb header_2_font_size=\u00a0\u00bb24px\u00a0\u00bb header_2_line_height=\u00a0\u00bb1.6em\u00a0\u00bb text_orientation=\u00a0\u00bbjustified\u00a0\u00bb animation_style=\u00a0\u00bbfade\u00a0\u00bb text_font_size_tablet=\u00a0\u00bb\u00a0\u00bb text_font_size_phone=\u00a0\u00bb14px\u00a0\u00bb text_font_size_last_edited=\u00a0\u00bbon|phone\u00a0\u00bb header_font_size_tablet=\u00a0\u00bb\u00a0\u00bb header_font_size_phone=\u00a0\u00bb32px\u00a0\u00bb header_font_size_last_edited=\u00a0\u00bbon|phone\u00a0\u00bb]<\/p>\n<h1>EHPAD\/UPHA &#8211; Prestations de services<\/h1>\n<h2 class=\"p1\">Le service hygi\u00e8ne des locaux de la R\u00e9sidence contribue \u00e0 l&rsquo;image de cette derni\u00e8re en assurant un environnement propre et agr\u00e9able.<\/h2>\n<p>[\/et_pb_text][\/et_pb_column][\/et_pb_row][et_pb_row column_structure=\u00a0\u00bb1_4,1_4,1_4,1_4&Prime; _builder_version=\u00a0\u00bb4.6.5&Prime; _module_preset=\u00a0\u00bbdefault\u00a0\u00bb][et_pb_column type=\u00a0\u00bb1_4&Prime; _builder_version=\u00a0\u00bb4.6.5&Prime; _module_preset=\u00a0\u00bbdefault\u00a0\u00bb][et_pb_image src=\u00a0\u00bbhttps:\/\/bourdeilles2sequoias.fr\/wp-content\/uploads\/2024\/06\/Ehpad-Epac-les-2-sequoias-Bourdeilles-laverie.png\u00a0\u00bb title_text=\u00a0\u00bbEhpad-Epac-les-2-sequoias-Bourdeilles-laverie\u00a0\u00bb _builder_version=\u00a0\u00bb4.6.5&Prime; _module_preset=\u00a0\u00bbdefault\u00a0\u00bb width=\u00a0\u00bb65%\u00a0\u00bb module_alignment=\u00a0\u00bbcenter\u00a0\u00bb animation_style=\u00a0\u00bbzoom\u00a0\u00bb][\/et_pb_image][et_pb_text _builder_version=\u00a0\u00bb4.6.5&Prime; _module_preset=\u00a0\u00bbdefault\u00a0\u00bb text_font=\u00a0\u00bbArial|800|||||||\u00a0\u00bb text_font_size=\u00a0\u00bb20px\u00a0\u00bb text_orientation=\u00a0\u00bbcenter\u00a0\u00bb animation_style=\u00a0\u00bbfade\u00a0\u00bb]<\/p>\n<p>L&rsquo;entretien de votre linge sur place<\/p>\n<p>[\/et_pb_text][\/et_pb_column][et_pb_column type=\u00a0\u00bb1_4&Prime; _builder_version=\u00a0\u00bb4.6.5&Prime; _module_preset=\u00a0\u00bbdefault\u00a0\u00bb][et_pb_image src=\u00a0\u00bbhttps:\/\/bourdeilles2sequoias.fr\/wp-content\/uploads\/2024\/06\/Ehpad-Epac-les-2-sequoias-Bourdeilles-repas.png\u00a0\u00bb title_text=\u00a0\u00bbEhpad-Epac-les-2-sequoias-Bourdeilles-repas\u00a0\u00bb _builder_version=\u00a0\u00bb4.6.5&Prime; _module_preset=\u00a0\u00bbdefault\u00a0\u00bb width=\u00a0\u00bb65%\u00a0\u00bb module_alignment=\u00a0\u00bbcenter\u00a0\u00bb animation_style=\u00a0\u00bbzoom\u00a0\u00bb][\/et_pb_image][et_pb_text _builder_version=\u00a0\u00bb4.6.5&Prime; _module_preset=\u00a0\u00bbdefault\u00a0\u00bb text_font=\u00a0\u00bbArial|800|||||||\u00a0\u00bb text_font_size=\u00a0\u00bb20px\u00a0\u00bb text_orientation=\u00a0\u00bbcenter\u00a0\u00bb animation_style=\u00a0\u00bbfade\u00a0\u00bb]<\/p>\n<p>Des repas faits maison<\/p>\n<p>[\/et_pb_text][\/et_pb_column][et_pb_column type=\u00a0\u00bb1_4&Prime; _builder_version=\u00a0\u00bb4.6.5&Prime; _module_preset=\u00a0\u00bbdefault\u00a0\u00bb][et_pb_image src=\u00a0\u00bbhttps:\/\/bourdeilles2sequoias.fr\/wp-content\/uploads\/2024\/06\/Ehpad-Epac-les-2-sequoias-Bourdeilles-hotellier.png\u00a0\u00bb title_text=\u00a0\u00bbEhpad-Epac-les-2-sequoias-Bourdeilles-hotellier\u00a0\u00bb _builder_version=\u00a0\u00bb4.6.5&Prime; _module_preset=\u00a0\u00bbdefault\u00a0\u00bb width=\u00a0\u00bb65%\u00a0\u00bb module_alignment=\u00a0\u00bbcenter\u00a0\u00bb animation_style=\u00a0\u00bbzoom\u00a0\u00bb][\/et_pb_image][et_pb_text _builder_version=\u00a0\u00bb4.6.5&Prime; _module_preset=\u00a0\u00bbdefault\u00a0\u00bb text_font=\u00a0\u00bbArial|800|||||||\u00a0\u00bb text_font_size=\u00a0\u00bb20px\u00a0\u00bb text_orientation=\u00a0\u00bbcenter\u00a0\u00bb animation_style=\u00a0\u00bbfade\u00a0\u00bb]<\/p>\n<p>Une \u00e9quipe h\u00f4teli\u00e8re professionnelle<\/p>\n<p>[\/et_pb_text][\/et_pb_column][et_pb_column type=\u00a0\u00bb1_4&Prime; _builder_version=\u00a0\u00bb4.6.5&Prime; _module_preset=\u00a0\u00bbdefault\u00a0\u00bb][et_pb_image src=\u00a0\u00bbhttps:\/\/bourdeilles2sequoias.fr\/wp-content\/uploads\/2024\/06\/Ehpad-Epac-les-2-sequoias-Bourdeilles-proches.png\u00a0\u00bb title_text=\u00a0\u00bbEhpad-Epac-les-2-sequoias-Bourdeilles-proches\u00a0\u00bb _builder_version=\u00a0\u00bb4.6.5&Prime; _module_preset=\u00a0\u00bbdefault\u00a0\u00bb width=\u00a0\u00bb65%\u00a0\u00bb module_alignment=\u00a0\u00bbcenter\u00a0\u00bb animation_style=\u00a0\u00bbzoom\u00a0\u00bb][\/et_pb_image][et_pb_text _builder_version=\u00a0\u00bb4.6.5&Prime; _module_preset=\u00a0\u00bbdefault\u00a0\u00bb text_font=\u00a0\u00bbArial|800|||||||\u00a0\u00bb text_font_size=\u00a0\u00bb20px\u00a0\u00bb text_orientation=\u00a0\u00bbcenter\u00a0\u00bb animation_style=\u00a0\u00bbfade\u00a0\u00bb]<\/p>\n<p>Vos proches sont les bienvenus<\/p>\n<p>[\/et_pb_text][\/et_pb_column][\/et_pb_row][\/et_pb_section][et_pb_section fb_built=\u00a0\u00bb1&Prime; _builder_version=\u00a0\u00bb4.6.5&Prime; _module_preset=\u00a0\u00bbdefault\u00a0\u00bb custom_margin=\u00a0\u00bb0px||0px||true|false\u00a0\u00bb custom_padding=\u00a0\u00bb0px||60px||false|false\u00a0\u00bb][et_pb_row _builder_version=\u00a0\u00bb4.6.5&Prime; _module_preset=\u00a0\u00bbdefault\u00a0\u00bb][et_pb_column type=\u00a0\u00bb4_4&Prime; _builder_version=\u00a0\u00bb4.6.5&Prime; _module_preset=\u00a0\u00bbdefault\u00a0\u00bb][et_pb_text _builder_version=\u00a0\u00bb4.6.5&Prime; _module_preset=\u00a0\u00bbdefault\u00a0\u00bb text_font=\u00a0\u00bbArial||||||||\u00a0\u00bb text_font_size=\u00a0\u00bb16px\u00a0\u00bb text_orientation=\u00a0\u00bbcenter\u00a0\u00bb animation_style=\u00a0\u00bbfade\u00a0\u00bb hover_enabled=\u00a0\u00bb0&Prime; sticky_enabled=\u00a0\u00bb0&Prime;]<\/p>\n<p class=\"p1\">L&rsquo;entretien du linge est effectu\u00e9 par l&rsquo;\u00e9tablissement. Le service de blanchisserie est inclus dans le prix de journ\u00e9e ainsi que la prestation de marquage de vos v\u00eatements personnels.<\/p>\n<p class=\"p1\">Concernant les repas, ils peuvent \u00eatre servis dans votre chambre ou en salle de restauration.<\/p>\n<p class=\"p1\">\u00a0Les repas sont \u00e9labor\u00e9s sur place par les cuisiniers en favorisant les produits de saison. Cette prestation est comprise dans le tarif h\u00e9bergement. Votre famille et vos proches sont les bienvenus pour d\u00e9jeuner et passer un moment convivial \u00e0 vos c\u00f4t\u00e9s dans une salle privative. Leur repas fera l&rsquo;objet d&rsquo;une facturation sp\u00e9cifique.<\/p>\n<p class=\"p1\">Une \u00e9quipe h\u00f4teli\u00e8re d\u00e9di\u00e9e est \u00e0 votre service pour tous ces moments de plaisir gustatif, du petit d\u00e9jeuner au d\u00eener, en passant par la collation d&rsquo;apr\u00e8s-midi.<\/p>\n<p>[\/et_pb_text][\/et_pb_column][\/et_pb_row][et_pb_row _builder_version=\u00a0\u00bb4.6.5&Prime; _module_preset=\u00a0\u00bbdefault\u00a0\u00bb][et_pb_column type=\u00a0\u00bb4_4&Prime; _builder_version=\u00a0\u00bb4.6.5&Prime; _module_preset=\u00a0\u00bbdefault\u00a0\u00bb][et_pb_text _builder_version=\u00a0\u00bb4.6.5&Prime; _module_preset=\u00a0\u00bbdefault\u00a0\u00bb text_font=\u00a0\u00bbArial||||||||\u00a0\u00bb text_font_size=\u00a0\u00bb16px\u00a0\u00bb text_orientation=\u00a0\u00bbcenter\u00a0\u00bb animation_style=\u00a0\u00bbfade\u00a0\u00bb]<\/p>\n<p>D&rsquo;autres professionnels peuvent intervenir \u00e0 votre demande : des m\u00e9decins g\u00e9n\u00e9ralistes et sp\u00e9cialistes, des pharmaciens, des dentistes, des kin\u00e9sith\u00e9rapeutes, des podologues, des orthophonistes, des ergoth\u00e9rapeutes, des opticiens, des coiffeurs&#8230;.<\/p>\n<p>[\/et_pb_text][\/et_pb_column][\/et_pb_row][\/et_pb_section][et_pb_section fb_built=\u00a0\u00bb1&Prime; _builder_version=\u00a0\u00bb4.6.5&Prime; _module_preset=\u00a0\u00bbdefault\u00a0\u00bb background_enable_color=\u00a0\u00bboff\u00a0\u00bb use_background_color_gradient=\u00a0\u00bbon\u00a0\u00bb background_color_gradient_start=\u00a0\u00bb#bd3057&Prime; background_color_gradient_end=\u00a0\u00bbrgba(189,48,87,0.27)\u00a0\u00bb background_color_gradient_type=\u00a0\u00bbradial\u00a0\u00bb background_color_gradient_end_position=\u00a0\u00bb60%\u00a0\u00bb custom_margin=\u00a0\u00bb0px||0px||true|false\u00a0\u00bb custom_padding=\u00a0\u00bb0px||0px||true|false\u00a0\u00bb][et_pb_row column_structure=\u00a0\u00bb1_4,1_4,1_4,1_4&Prime; use_custom_gutter=\u00a0\u00bbon\u00a0\u00bb _builder_version=\u00a0\u00bb4.6.5&Prime; _module_preset=\u00a0\u00bbdefault\u00a0\u00bb width=\u00a0\u00bb100%\u00a0\u00bb max_width=\u00a0\u00bb1198px\u00a0\u00bb module_alignment=\u00a0\u00bbcenter\u00a0\u00bb][et_pb_column type=\u00a0\u00bb1_4&Prime; _builder_version=\u00a0\u00bb4.6.5&Prime; _module_preset=\u00a0\u00bbdefault\u00a0\u00bb][dsm_embed_google_map address=\u00a0\u00bb1620 route des bords de dronne 24310 Bourdeilles\u00a0\u00bb zoom=\u00a0\u00bb14&Prime; _builder_version=\u00a0\u00bb4.6.5&Prime; _module_preset=\u00a0\u00bbdefault\u00a0\u00bb height=\u00a0\u00bb173px\u00a0\u00bb][\/dsm_embed_google_map][\/et_pb_column][et_pb_column type=\u00a0\u00bb1_4&Prime; _builder_version=\u00a0\u00bb4.6.5&Prime; _module_preset=\u00a0\u00bbdefault\u00a0\u00bb][et_pb_text content_tablet=\u00a0\u00bb\u00a0\u00bb content_phone=\u00a0\u00bb<\/p>\n<h4 style=%22text-align: center;%22>COORDONN\u00c9ES<\/h4>\n<p class=%22p1%22 style=%22text-align: center;%22>1620, ROUTE DES BORDS DE DRONNE<br \/> 24310 BOURDEILLES<br \/> T\u00e9l. : 05 53 02 35 35<br \/> @ : accueil@bourdeilles2sequoias.fr<\/p>\n<p>\u00a0\u00bb content_last_edited=\u00a0\u00bbon|phone\u00a0\u00bb _builder_version=\u00a0\u00bb4.6.5&Prime; _module_preset=\u00a0\u00bbdefault\u00a0\u00bb text_text_color=\u00a0\u00bb#ffffff\u00a0\u00bb header_4_font=\u00a0\u00bbMANO NEGRA||||||||\u00a0\u00bb header_4_text_color=\u00a0\u00bb#ffffff\u00a0\u00bb header_4_font_size=\u00a0\u00bb19px\u00a0\u00bb header_4_text_align_tablet=\u00a0\u00bb\u00a0\u00bb header_4_text_align_phone=\u00a0\u00bbcenter\u00a0\u00bb header_4_text_align_last_edited=\u00a0\u00bbon|phone\u00a0\u00bb text_orientation_tablet=\u00a0\u00bb\u00a0\u00bb text_orientation_phone=\u00a0\u00bbcenter\u00a0\u00bb text_orientation_last_edited=\u00a0\u00bbon|phone\u00a0\u00bb]<\/p>\n<h4>COORDONN\u00c9ES<\/h4>\n<p class=\"p1\">1620, ROUTE DES BORDS DE DRONNE<br \/> 24310 BOURDEILLES<br \/> T\u00e9l. : 05 53 02 35 35<br \/> @ : accueil@bourdeilles2sequoias.fr<\/p>\n<p>[\/et_pb_text][et_pb_text content_tablet=\u00a0\u00bb\u00a0\u00bb content_phone=\u00a0\u00bb<\/p>\n<h4 style=%22text-align: center;%22>INFORMATIONS<\/h4>\n<p style=%22text-align: center;%22><span style=%22color: #ffffff;%22><a href=%22https:\/\/bourdeilles2sequoias.fr\/index.php\/mentions-legales\/%22 style=%22color: #ffffff;%22>MENTIONS L\u00c9GALES<\/a><\/span><\/p>\n<p>\u00a0\u00bb content_last_edited=\u00a0\u00bbon|phone\u00a0\u00bb _builder_version=\u00a0\u00bb4.6.5&Prime; _module_preset=\u00a0\u00bbdefault\u00a0\u00bb text_text_color=\u00a0\u00bb#ffffff\u00a0\u00bb header_4_font=\u00a0\u00bbMANO NEGRA||||||||\u00a0\u00bb header_4_text_color=\u00a0\u00bb#ffffff\u00a0\u00bb header_4_font_size=\u00a0\u00bb19px\u00a0\u00bb]<\/p>\n<h4>INFORMATIONS<\/h4>\n<p><span style=\"color: #ffffff;\"><a href=\"https:\/\/bourdeilles2sequoias.fr\/index.php\/mentions-legales\/\" style=\"color: #ffffff;\">MENTIONS L\u00c9GALES<\/a><\/span><\/p>\n<p>[\/et_pb_text][\/et_pb_column][et_pb_column type=\u00a0\u00bb1_4&Prime; _builder_version=\u00a0\u00bb4.6.5&Prime; _module_preset=\u00a0\u00bbdefault\u00a0\u00bb][et_pb_text content_tablet=\u00a0\u00bb\u00a0\u00bb content_phone=\u00a0\u00bb<\/p>\n<h4 style=%22text-align: center;%22>EPAC LES DEUX S\u00c9QUOIAS<\/h4>\n<p style=%22text-align: center;%22><span style=%22color: #ffffff;%22><a href=%22https:\/\/bourdeilles2sequoias.fr\/%22 style=%22color: #ffffff;%22>ACCUEIL<\/a><br \/> <a href=%22https:\/\/bourdeilles2sequoias.fr\/index.php\/ehpad\/%22 style=%22color: #ffffff;%22>EHPAD\/UPHA<\/a><\/span><br \/> <span style=%22color: #ffffff;%22> <a href=%22https:\/\/bourdeilles2sequoias.fr\/index.php\/fam\/%22 style=%22color: #ffffff;%22>FAM<\/a><\/span><br \/> <span style=%22color: #ffffff;%22> <a href=%22https:\/\/bourdeilles2sequoias.fr\/index.php\/fo-studios\/%22 style=%22color: #ffffff;%22>FO\/STUDIOS\/ACCUEIL DE JOUR<\/a><\/span><br \/> <span style=%22color: #ffffff;%22> <a href=%22https:\/\/bourdeilles2sequoias.fr\/index.php\/nos-valeurs\/%22 style=%22color: #ffffff;%22>NOS VALEURS<\/a><\/span><br \/> <span style=%22color: #ffffff;%22> <a href=%22https:\/\/bourdeilles2sequoias.fr\/index.php\/travailler-aux-2-sequoias\/%22 style=%22color: #ffffff;%22>TRAVAILLER AUX 2 S\u00c9QUOIAS<\/a><\/span><br \/> <span style=%22color: #ffffff;%22><a href=%22https:\/\/bourdeilles2sequoias.fr\/index.php\/contact\/%22 style=%22color: #ffffff;%22>CONTACTS<\/a><\/span><\/p>\n<p>\u00a0\u00bb content_last_edited=\u00a0\u00bbon|phone\u00a0\u00bb _builder_version=\u00a0\u00bb4.6.5&Prime; _module_preset=\u00a0\u00bbdefault\u00a0\u00bb text_text_color=\u00a0\u00bb#ffffff\u00a0\u00bb header_4_font=\u00a0\u00bbMANO NEGRA||||||||\u00a0\u00bb header_4_text_color=\u00a0\u00bb#ffffff\u00a0\u00bb header_4_font_size=\u00a0\u00bb19px\u00a0\u00bb]<\/p>\n<h4>EPAC LES DEUX S\u00c9QUOIAS<\/h4>\n<p><span style=\"color: #ffffff;\"><a href=\"https:\/\/bourdeilles2sequoias.fr\/\" style=\"color: #ffffff;\">ACCUEIL<\/a><br \/> <a href=\"https:\/\/bourdeilles2sequoias.fr\/index.php\/ehpad\/\" style=\"color: #ffffff;\">EHPAD\/UPHA<\/a><\/span><br \/> <span style=\"color: #ffffff;\"> <a href=\"https:\/\/bourdeilles2sequoias.fr\/index.php\/fam\/\" style=\"color: #ffffff;\">FAM<\/a><\/span><br \/> <span style=\"color: #ffffff;\"> <a href=\"https:\/\/bourdeilles2sequoias.fr\/index.php\/fo-studios\/\" style=\"color: #ffffff;\">FO\/STUDIOS\/ACCUEIL DE JOUR<\/a><\/span><br \/> <span style=\"color: #ffffff;\"> <a href=\"https:\/\/bourdeilles2sequoias.fr\/index.php\/nos-valeurs\/\" style=\"color: #ffffff;\">NOS VALEURS<\/a><\/span><br \/> <span style=\"color: #ffffff;\"> <a href=\"https:\/\/bourdeilles2sequoias.fr\/index.php\/travailler-aux-2-sequoias\/\" style=\"color: #ffffff;\">TRAVAILLER AUX 2 S\u00c9QUOIAS<\/a><\/span><br \/> <span style=\"color: #ffffff;\"><a href=\"https:\/\/bourdeilles2sequoias.fr\/index.php\/contact\/\" style=\"color: #ffffff;\">CONTACTS<\/a><\/span><\/p>\n<p>[\/et_pb_text][\/et_pb_column][et_pb_column type=\u00a0\u00bb1_4&Prime; _builder_version=\u00a0\u00bb4.6.5&Prime; _module_preset=\u00a0\u00bbdefault\u00a0\u00bb][et_pb_image src=\u00a0\u00bbhttps:\/\/bourdeilles2sequoias.fr\/wp-content\/uploads\/2024\/06\/EPAC-LES-DEUX-SEQUOIAS-OISEAU.png\u00a0\u00bb title_text=\u00a0\u00bbEPAC-LES-DEUX-SEQUOIAS-OISEAU\u00a0\u00bb _builder_version=\u00a0\u00bb4.6.5&Prime; _module_preset=\u00a0\u00bbdefault\u00a0\u00bb width_tablet=\u00a0\u00bb\u00a0\u00bb width_phone=\u00a0\u00bb52%\u00a0\u00bb width_last_edited=\u00a0\u00bbon|phone\u00a0\u00bb module_alignment_tablet=\u00a0\u00bb\u00a0\u00bb module_alignment_phone=\u00a0\u00bbcenter\u00a0\u00bb module_alignment_last_edited=\u00a0\u00bbon|phone\u00a0\u00bb][\/et_pb_image][\/et_pb_column][\/et_pb_row][\/et_pb_section]<\/p>\n","protected":false},"excerpt":{"rendered":"<p>[et_pb_section fb_built=\u00a0\u00bb1&Prime; admin_label=\u00a0\u00bbHeader\u00a0\u00bb _builder_version=\u00a0\u00bb4.6.5&Prime; use_background_color_gradient=\u00a0\u00bbon\u00a0\u00bb background_color_gradient_start=\u00a0\u00bb#bd3057&Prime; background_color_gradient_end=\u00a0\u00bbrgba(189,48,87,0.18)\u00a0\u00bb background_color_gradient_direction=\u00a0\u00bb221deg\u00a0\u00bb background_color_gradient_end_position=\u00a0\u00bb42%\u00a0\u00bb background_image=\u00a0\u00bbhttps:\/\/bourdeilles2sequoias.fr\/wp-content\/uploads\/2024\/06\/vet-01-1.png\u00a0\u00bb background_size=\u00a0\u00bbinitial\u00a0\u00bb background_position=\u00a0\u00bbbottom_center\u00a0\u00bb background_last_edited=\u00a0\u00bbon|phone\u00a0\u00bb use_background_color_gradient_tablet=\u00a0\u00bbon\u00a0\u00bb use_background_color_gradient_phone=\u00a0\u00bbon\u00a0\u00bb background_color_gradient_end_tablet=\u00a0\u00bbrgba(255,112,0,0)\u00a0\u00bb background_color_gradient_end_phone=\u00a0\u00bbrgba(255,112,0,0)\u00a0\u00bb background_color_gradient_direction_tablet=\u00a0\u00bb180deg\u00a0\u00bb background_color_gradient_start_position_phone=\u00a0\u00bb36%\u00a0\u00bb background_color_gradient_end_position_tablet=\u00a0\u00bb100%\u00a0\u00bb background_color_gradient_end_position_phone=\u00a0\u00bb100%\u00a0\u00bb background_image_tablet=\u00a0\u00bbhttp:\/\/zaib.sandbox.etdevs.com\/divi\/wp-content\/uploads\/sites\/2\/2019\/05\/vet-03.png\u00a0\u00bb background_size_tablet=\u00a0\u00bbcover\u00a0\u00bb background_position_tablet=\u00a0\u00bbbottom_center\u00a0\u00bb border_style_all_tablet=\u00a0\u00bb\u00a0\u00bb border_style_all_phone=\u00a0\u00bb\u00a0\u00bb border_style_all_last_edited=\u00a0\u00bbon|tablet\u00a0\u00bb][et_pb_row _builder_version=\u00a0\u00bb3.25&Prime; z_index=\u00a0\u00bb10&Prime; custom_padding=\u00a0\u00bb||0px|||\u00a0\u00bb][et_pb_column type=\u00a0\u00bb4_4&Prime; _builder_version=\u00a0\u00bb3.25&Prime; custom_padding=\u00a0\u00bb60px||40px|\u00a0\u00bb custom_padding_tablet=\u00a0\u00bb0px|||\u00a0\u00bb custom_padding_phone=\u00a0\u00bb\u00a0\u00bb custom_padding_last_edited=\u00a0\u00bbon|tablet\u00a0\u00bb custom_padding__hover=\u00a0\u00bb|||\u00a0\u00bb][et_pb_text _builder_version=\u00a0\u00bb4.6.5&Prime; text_font=\u00a0\u00bbArial||||||||\u00a0\u00bb text_font_size=\u00a0\u00bb15px\u00a0\u00bb text_line_height=\u00a0\u00bb1.8em\u00a0\u00bb header_font=\u00a0\u00bbMANO NEGRA|500|||||||\u00a0\u00bb header_text_align=\u00a0\u00bbleft\u00a0\u00bb header_text_color=\u00a0\u00bb#bd3057&Prime; header_font_size=\u00a0\u00bb56px\u00a0\u00bb header_line_height=\u00a0\u00bb1.2em\u00a0\u00bb header_2_font=\u00a0\u00bbArial||on||||||\u00a0\u00bb header_2_font_size=\u00a0\u00bb24px\u00a0\u00bb header_2_line_height=\u00a0\u00bb1.6em\u00a0\u00bb text_orientation=\u00a0\u00bbjustified\u00a0\u00bb animation_style=\u00a0\u00bbfade\u00a0\u00bb text_font_size_tablet=\u00a0\u00bb\u00a0\u00bb text_font_size_phone=\u00a0\u00bb14px\u00a0\u00bb text_font_size_last_edited=\u00a0\u00bbon|phone\u00a0\u00bb [&hellip;]<\/p>\n","protected":false},"author":1,"featured_media":0,"parent":20,"menu_order":0,"comment_status":"closed","ping_status":"closed","template":"","meta":{"_et_pb_use_builder":"on","_et_pb_old_content":"","_et_gb_content_width":"","_monsterinsights_skip_tracking":false,"_monsterinsights_sitenote_active":false,"_monsterinsights_sitenote_note":"","_monsterinsights_sitenote_category":0,"footnotes":""},"class_list":["post-47","page","type-page","status-publish","hentry"],"jetpack_sharing_enabled":true,"_links":{"self":[{"href":"https:\/\/bourdeilles2sequoias.fr\/index.php\/wp-json\/wp\/v2\/pages\/47","targetHints":{"allow":["GET"]}}],"collection":[{"href":"https:\/\/bourdeilles2sequoias.fr\/index.php\/wp-json\/wp\/v2\/pages"}],"about":[{"href":"https:\/\/bourdeilles2sequoias.fr\/index.php\/wp-json\/wp\/v2\/types\/page"}],"author":[{"embeddable":true,"href":"https:\/\/bourdeilles2sequoias.fr\/index.php\/wp-json\/wp\/v2\/users\/1"}],"replies":[{"embeddable":true,"href":"https:\/\/bourdeilles2sequoias.fr\/index.php\/wp-json\/wp\/v2\/comments?post=47"}],"version-history":[{"count":12,"href":"https:\/\/bourdeilles2sequoias.fr\/index.php\/wp-json\/wp\/v2\/pages\/47\/revisions"}],"predecessor-version":[{"id":906,"href":"https:\/\/bourdeilles2sequoias.fr\/index.php\/wp-json\/wp\/v2\/pages\/47\/revisions\/906"}],"up":[{"embeddable":true,"href":"https:\/\/bourdeilles2sequoias.fr\/index.php\/wp-json\/wp\/v2\/pages\/20"}],"wp:attachment":[{"href":"https:\/\/bourdeilles2sequoias.fr\/index.php\/wp-json\/wp\/v2\/media?parent=47"}],"curies":[{"name":"wp","href":"https:\/\/api.w.org\/{rel}","templated":true}]}}